{"id":1058,"date":"2020-07-22T11:36:00","date_gmt":"2020-07-22T11:36:00","guid":{"rendered":"http:\/\/ampcpp.com\/?p=1058"},"modified":"2021-05-07T03:07:11","modified_gmt":"2021-05-07T03:07:11","slug":"le-ministere-de-linterieur-organise-un-atelier-de-renforcement-des-attributions-des-conseils-des-prefectures-et-des-provinces","status":"publish","type":"activities","link":"https:\/\/ampcpp.ma\/fr\/activities\/le-ministere-de-linterieur-organise-un-atelier-de-renforcement-des-attributions-des-conseils-des-prefectures-et-des-provinces\/","title":{"rendered":"Le Minist\u00e8re de l\u2019Int\u00e9rieur organise un atelier de renforcement des attributions des Conseils des Pr\u00e9fectures et des Provinces"},"content":{"rendered":"\n<p>Dans le cadre de l\u2019accompagnement des Conseils des Pr\u00e9fectures et des Provinces afin de les consolider dans l\u2019exercice des comp\u00e9tences qui leur sont d\u00e9volues conform\u00e9ment \u00e0 la Loi Organique N\u00b0 112.14, et \u00e0 la suite de l\u2019accueil qui a \u00e9t\u00e9 r\u00e9serv\u00e9 par M. le Wali, Directeur G\u00e9n\u00e9ral des Collectivit\u00e9s Locales, aux membres du Bureau Ex\u00e9cutif de l\u2019Association Marocaine des Pr\u00e9sidents des Conseils des Pr\u00e9fectures et des Provinces, le 20 janvier 2020, une cellule de r\u00e9flexion a \u00e9t\u00e9 mise en place sous la supervision de M. le Gouverneur charg\u00e9 de la Coop\u00e9ration et de la Documentation, afin de pr\u00e9senter une vision ambitionnant de renforcer le positionnement de cette Collectivit\u00e9 Territoriale sur l\u2019\u00e9chiquier des institutions territoriales.<\/p>\n\n\n\n<p>Et afin d\u2019\u00e9largir le d\u00e9bat au sujet du plan d\u2019action qui a \u00e9t\u00e9 \u00e9labor\u00e9 par cette cellule, un atelier interactif a \u00e9t\u00e9 organis\u00e9 le lundi 2 mars 2020, au si\u00e8ge de la Direction G\u00e9n\u00e9rale des Collectivit\u00e9s locales sous la pr\u00e9sidence conjointe de M. le Gouverneur qui supervise cette cellule et de M. le Pr\u00e9sident de l\u2019Association, en pr\u00e9sence de certains Pr\u00e9sidents membres du Bureau Ex\u00e9cutif, de cinq chefs de divisions de Collectivit\u00e9s locales, de cinq chefs de services au sein de Pr\u00e9fectures et des Provinces, d\u2019un cadre de la direction sp\u00e9cialis\u00e9e en la mati\u00e8re, ainsi que de quelques cadres de l\u2019Association.<\/p>\n\n\n\n<p>Cet atelier a \u00e9t\u00e9 l\u2019occasion d\u2019une discussion s\u00e9rieuse et franche autour des difficult\u00e9s les plus importantes qui se mettent en travers de la mise en \u0153uvre effective et ad\u00e9quate des attributions de ces Conseils, dont les plus importantes sont&nbsp;:<\/p>\n\n\n\n<ul><li>L\u2019ambigu\u00eft\u00e9 des attributions et l\u2019absence de convergence entre les plans de d\u00e9veloppement et certains programmes publics qui se recoupent avec les attributions des Conseils des Pr\u00e9fectures et des Provinces dans le domaine social&nbsp;;<\/li><li>Discussion des moyens d\u2019am\u00e9liorer les ressources financi\u00e8res propres et de diversifier les m\u00e9canismes de financement des projets et programmes&nbsp;;<\/li><li>Les ressources humaines et ce que leur gestion implique notamment eu \u00e9gard aux carences en mati\u00e8re d\u2019encadrement et de suivi, ainsi qu\u2019en ce qui concerne la mise en place de m\u00e9canismes juridiques permettant de motiver les ressources humaines territoriales et d\u2019attirer les comp\u00e9tences&nbsp;;<\/li><\/ul>\n\n\n\n<p>Les r\u00e9sultats de cet atelier ont donn\u00e9 lieu \u00e0 une feuille de route destin\u00e9e \u00e0 corriger la ligne de conduite de cette Collectivit\u00e9 Territoriale, par le biais de la mise en place des mesures administratives, organisationnelles et juridiques n\u00e9cessaires.<\/p>\n\n\n\n<p class=\"has-text-align-center has-red-color has-text-color\"><a href=\"mailto:ampcpp2019@gmail.com\"><strong>ampcpp2019@gmail.com<\/strong><\/a><\/p>\n\n\n\n<div class=\"wp-block-buttons\">\n<div class=\"wp-block-button wp-block-file aligncenter\"><a class=\"wp-block-button__link\" href=\"http:\/\/ampcpp.com\/wp-content\/uploads\/2021\/05\/%D9%88%D8%B1%D9%82%D8%A9-%D8%A7%D9%84%D8%B5%D8%B9%D9%88%D8%A8%D8%A7%D8%AA-%D9%88-%D8%A7%D9%84%D8%A7%D9%82%D8%AA%D8%B1%D8%A7%D8%AD%D8%A7%D8%AA.docx\">Fiche de difficult\u00e9 et suggestions<\/a><\/div>\n<\/div>\n\n\n\n<figure class=\"wp-block-image size-large is-style-default\"><img loading=\"lazy\" width=\"1024\" height=\"768\" src=\"http:\/\/ampcpp.com\/wp-content\/uploads\/2021\/01\/WhatsApp-Image-2020-03-03-at-12.16.16-1024x768.jpeg\" alt=\"\" class=\"wp-image-1060\" srcset=\"https:\/\/ampcpp.ma\/wp-content\/uploads\/2021\/01\/WhatsApp-Image-2020-03-03-at-12.16.16-1024x768.jpeg 1024w, https:\/\/ampcpp.ma\/wp-content\/uploads\/2021\/01\/WhatsApp-Image-2020-03-03-at-12.16.16-300x225.jpeg 300w, https:\/\/ampcpp.ma\/wp-content\/uploads\/2021\/01\/WhatsApp-Image-2020-03-03-at-12.16.16-768x576.jpeg 768w, https:\/\/ampcpp.ma\/wp-content\/uploads\/2021\/01\/WhatsApp-Image-2020-03-03-at-12.16.16.jpeg 1280w\" sizes=\"(max-width: 1024px) 100vw, 1024px\" \/><\/figure>\n\n\n\n<figure class=\"wp-block-gallery columns-2 is-cropped\"><ul class=\"blocks-gallery-grid\"><li class=\"blocks-gallery-item\"><figure><img loading=\"lazy\" width=\"1024\" height=\"768\" src=\"http:\/\/ampcpp.com\/wp-content\/uploads\/2021\/01\/WhatsApp-Image-2020-03-03-at-12.16.17-2-1024x768.jpeg\" alt=\"\" data-id=\"1066\" data-full-url=\"http:\/\/ampcpp.com\/wp-content\/uploads\/2021\/01\/WhatsApp-Image-2020-03-03-at-12.16.17-2.jpeg\" data-link=\"http:\/\/ampcpp.com\/le-ministere-de-linterieur-organise-un-atelier-de-renforcement-des-attributions-des-conseils-des-prefectures-et-des-provinces\/whatsapp-image-2020-03-03-at-12-16-17-2\/\" class=\"wp-image-1066\" srcset=\"https:\/\/ampcpp.ma\/wp-content\/uploads\/2021\/01\/WhatsApp-Image-2020-03-03-at-12.16.17-2-1024x768.jpeg 1024w, https:\/\/ampcpp.ma\/wp-content\/uploads\/2021\/01\/WhatsApp-Image-2020-03-03-at-12.16.17-2-300x225.jpeg 300w, https:\/\/ampcpp.ma\/wp-content\/uploads\/2021\/01\/WhatsApp-Image-2020-03-03-at-12.16.17-2-768x576.jpeg 768w, https:\/\/ampcpp.ma\/wp-content\/uploads\/2021\/01\/WhatsApp-Image-2020-03-03-at-12.16.17-2.jpeg 1280w\" sizes=\"(max-width: 1024px) 100vw, 1024px\" \/><\/figure><\/li><li class=\"blocks-gallery-item\"><figure><img loading=\"lazy\" width=\"1024\" height=\"768\" src=\"http:\/\/ampcpp.com\/wp-content\/uploads\/2021\/01\/WhatsApp-Image-2020-03-03-at-12.16.17-1-1024x768.jpeg\" alt=\"\" data-id=\"1068\" data-full-url=\"http:\/\/ampcpp.com\/wp-content\/uploads\/2021\/01\/WhatsApp-Image-2020-03-03-at-12.16.17-1.jpeg\" data-link=\"http:\/\/ampcpp.com\/le-ministere-de-linterieur-organise-un-atelier-de-renforcement-des-attributions-des-conseils-des-prefectures-et-des-provinces\/whatsapp-image-2020-03-03-at-12-16-17-1\/\" class=\"wp-image-1068\" srcset=\"https:\/\/ampcpp.ma\/wp-content\/uploads\/2021\/01\/WhatsApp-Image-2020-03-03-at-12.16.17-1-1024x768.jpeg 1024w, https:\/\/ampcpp.ma\/wp-content\/uploads\/2021\/01\/WhatsApp-Image-2020-03-03-at-12.16.17-1-300x225.jpeg 300w, https:\/\/ampcpp.ma\/wp-content\/uploads\/2021\/01\/WhatsApp-Image-2020-03-03-at-12.16.17-1-768x576.jpeg 768w, https:\/\/ampcpp.ma\/wp-content\/uploads\/2021\/01\/WhatsApp-Image-2020-03-03-at-12.16.17-1.jpeg 1280w\" sizes=\"(max-width: 1024px) 100vw, 1024px\" \/><\/figure><\/li><\/ul><\/figure>\n\n\n\n<figure class=\"wp-block-gallery columns-2 is-cropped\"><ul class=\"blocks-gallery-grid\"><li class=\"blocks-gallery-item\"><figure><img loading=\"lazy\" width=\"768\" height=\"1024\" src=\"http:\/\/ampcpp.com\/wp-content\/uploads\/2021\/01\/WhatsApp-Image-2020-03-03-at-12.16.18-1-768x1024.jpeg\" alt=\"\" data-id=\"1070\" data-full-url=\"http:\/\/ampcpp.com\/wp-content\/uploads\/2021\/01\/WhatsApp-Image-2020-03-03-at-12.16.18-1.jpeg\" data-link=\"http:\/\/ampcpp.com\/le-ministere-de-linterieur-organise-un-atelier-de-renforcement-des-attributions-des-conseils-des-prefectures-et-des-provinces\/whatsapp-image-2020-03-03-at-12-16-18-1\/\" class=\"wp-image-1070\" srcset=\"https:\/\/ampcpp.ma\/wp-content\/uploads\/2021\/01\/WhatsApp-Image-2020-03-03-at-12.16.18-1-768x1024.jpeg 768w, https:\/\/ampcpp.ma\/wp-content\/uploads\/2021\/01\/WhatsApp-Image-2020-03-03-at-12.16.18-1-225x300.jpeg 225w, https:\/\/ampcpp.ma\/wp-content\/uploads\/2021\/01\/WhatsApp-Image-2020-03-03-at-12.16.18-1.jpeg 960w\" sizes=\"(max-width: 768px) 100vw, 768px\" \/><\/figure><\/li><li class=\"blocks-gallery-item\"><figure><img loading=\"lazy\" width=\"768\" height=\"1024\" src=\"http:\/\/ampcpp.com\/wp-content\/uploads\/2021\/01\/WhatsApp-Image-2020-03-03-at-12.16.18-3-768x1024.jpeg\" alt=\"\" data-id=\"1072\" data-full-url=\"http:\/\/ampcpp.com\/wp-content\/uploads\/2021\/01\/WhatsApp-Image-2020-03-03-at-12.16.18-3.jpeg\" data-link=\"http:\/\/ampcpp.com\/le-ministere-de-linterieur-organise-un-atelier-de-renforcement-des-attributions-des-conseils-des-prefectures-et-des-provinces\/whatsapp-image-2020-03-03-at-12-16-18-3\/\" class=\"wp-image-1072\" srcset=\"https:\/\/ampcpp.ma\/wp-content\/uploads\/2021\/01\/WhatsApp-Image-2020-03-03-at-12.16.18-3-768x1024.jpeg 768w, https:\/\/ampcpp.ma\/wp-content\/uploads\/2021\/01\/WhatsApp-Image-2020-03-03-at-12.16.18-3-225x300.jpeg 225w, https:\/\/ampcpp.ma\/wp-content\/uploads\/2021\/01\/WhatsApp-Image-2020-03-03-at-12.16.18-3.jpeg 960w\" sizes=\"(max-width: 768px) 100vw, 768px\" \/><\/figure><\/li><\/ul><\/figure>\n","protected":false},"excerpt":{"rendered":"<p>Dans le cadre de l\u2019accompagnement des Conseils des Pr\u00e9fectures et des Provinces afin de les consolider dans l\u2019exercice des comp\u00e9tences qui leur sont d\u00e9volues conform\u00e9ment \u00e0 la Loi Organique N\u00b0 112.14, et \u00e0 la suite de l\u2019accueil qui a \u00e9t\u00e9 r\u00e9serv\u00e9 par M. le Wali, Directeur G\u00e9n\u00e9ral des Collectivit\u00e9s Locales, aux membres du Bureau Ex\u00e9cutif [&hellip;]<\/p>\n","protected":false},"author":1,"featured_media":1063,"parent":0,"comment_status":"closed","ping_status":"closed","template":"","activity_categories":[9],"activity_tags":[65],"yoast_head":"<!-- This site is optimized with the Yoast SEO plugin v18.1 - https:\/\/yoast.com\/wordpress\/plugins\/seo\/ -->\n<title>Le Minist\u00e8re de l\u2019Int\u00e9rieur organise un atelier de renforcement des attributions des Conseils des Pr\u00e9fectures et des Provinces - Association Marocaine Des Pr\u00e9sidents Des Conseils Pr\u00e9fectoraux Et Provinciaux<\/title>\n<meta name=\"robots\" content=\"index, follow, max-snippet:-1, max-image-preview:large, max-video-preview:-1\" \/>\n<link rel=\"canonical\" href=\"https:\/\/ampcpp.ma\/fr\/activities\/le-ministere-de-linterieur-organise-un-atelier-de-renforcement-des-attributions-des-conseils-des-prefectures-et-des-provinces\/\" \/>\n<meta property=\"og:locale\" content=\"fr_FR\" \/>\n<meta property=\"og:type\" content=\"article\" \/>\n<meta property=\"og:title\" content=\"Le Minist\u00e8re de l\u2019Int\u00e9rieur organise un atelier de renforcement des attributions des Conseils des Pr\u00e9fectures et des Provinces - Association Marocaine Des Pr\u00e9sidents Des Conseils Pr\u00e9fectoraux Et Provinciaux\" \/>\n<meta property=\"og:description\" content=\"Dans le cadre de l\u2019accompagnement des Conseils des Pr\u00e9fectures et des Provinces afin de les consolider dans l\u2019exercice des comp\u00e9tences qui leur sont d\u00e9volues conform\u00e9ment \u00e0 la Loi Organique N\u00b0 112.14, et \u00e0 la suite de l\u2019accueil qui a \u00e9t\u00e9 r\u00e9serv\u00e9 par M. le Wali, Directeur G\u00e9n\u00e9ral des Collectivit\u00e9s Locales, aux membres du Bureau Ex\u00e9cutif [&hellip;]\" \/>\n<meta property=\"og:url\" content=\"https:\/\/ampcpp.ma\/fr\/activities\/le-ministere-de-linterieur-organise-un-atelier-de-renforcement-des-attributions-des-conseils-des-prefectures-et-des-provinces\/\" \/>\n<meta property=\"og:site_name\" content=\"Association Marocaine Des Pr\u00e9sidents Des Conseils Pr\u00e9fectoraux Et Provinciaux\" \/>\n<meta property=\"article:modified_time\" content=\"2021-05-07T03:07:11+00:00\" \/>\n<meta property=\"og:image\" content=\"https:\/\/ampcpp.ma\/wp-content\/uploads\/2021\/01\/5.jpg\" \/>\n\t<meta property=\"og:image:width\" content=\"891\" \/>\n\t<meta property=\"og:image:height\" content=\"501\" \/>\n\t<meta property=\"og:image:type\" content=\"image\/jpeg\" \/>\n<meta name=\"twitter:card\" content=\"summary_large_image\" \/>\n<meta name=\"twitter:label1\" content=\"Dur\u00e9e de lecture estim\u00e9e\" \/>\n\t<meta name=\"twitter:data1\" content=\"2 minutes\" \/>\n<script type=\"application\/ld+json\" class=\"yoast-schema-graph\">{\"@context\":\"https:\/\/schema.org\",\"@graph\":[{\"@type\":\"WebSite\",\"@id\":\"https:\/\/ampcpp.ma\/en\/#website\",\"url\":\"https:\/\/ampcpp.ma\/en\/\",\"name\":\"Association Marocaine Des Pr\u00e9sidents Des Conseils Pr\u00e9fectoraux Et Provinciaux\",\"description\":\"L&#039;union fait la force\",\"potentialAction\":[{\"@type\":\"SearchAction\",\"target\":{\"@type\":\"EntryPoint\",\"urlTemplate\":\"https:\/\/ampcpp.ma\/en\/?s={search_term_string}\"},\"query-input\":\"required name=search_term_string\"}],\"inLanguage\":\"fr-FR\"},{\"@type\":\"ImageObject\",\"@id\":\"https:\/\/ampcpp.ma\/fr\/activities\/le-ministere-de-linterieur-organise-un-atelier-de-renforcement-des-attributions-des-conseils-des-prefectures-et-des-provinces\/#primaryimage\",\"inLanguage\":\"fr-FR\",\"url\":\"https:\/\/ampcpp.ma\/wp-content\/uploads\/2021\/01\/5.jpg\",\"contentUrl\":\"https:\/\/ampcpp.ma\/wp-content\/uploads\/2021\/01\/5.jpg\",\"width\":891,\"height\":501},{\"@type\":\"WebPage\",\"@id\":\"https:\/\/ampcpp.ma\/fr\/activities\/le-ministere-de-linterieur-organise-un-atelier-de-renforcement-des-attributions-des-conseils-des-prefectures-et-des-provinces\/#webpage\",\"url\":\"https:\/\/ampcpp.ma\/fr\/activities\/le-ministere-de-linterieur-organise-un-atelier-de-renforcement-des-attributions-des-conseils-des-prefectures-et-des-provinces\/\",\"name\":\"Le Minist\u00e8re de l\u2019Int\u00e9rieur organise un atelier de renforcement des attributions des Conseils des Pr\u00e9fectures et des Provinces - Association Marocaine Des Pr\u00e9sidents Des Conseils Pr\u00e9fectoraux Et Provinciaux\",\"isPartOf\":{\"@id\":\"https:\/\/ampcpp.ma\/en\/#website\"},\"primaryImageOfPage\":{\"@id\":\"https:\/\/ampcpp.ma\/fr\/activities\/le-ministere-de-linterieur-organise-un-atelier-de-renforcement-des-attributions-des-conseils-des-prefectures-et-des-provinces\/#primaryimage\"},\"datePublished\":\"2020-07-22T11:36:00+00:00\",\"dateModified\":\"2021-05-07T03:07:11+00:00\",\"breadcrumb\":{\"@id\":\"https:\/\/ampcpp.ma\/fr\/activities\/le-ministere-de-linterieur-organise-un-atelier-de-renforcement-des-attributions-des-conseils-des-prefectures-et-des-provinces\/#breadcrumb\"},\"inLanguage\":\"fr-FR\",\"potentialAction\":[{\"@type\":\"ReadAction\",\"target\":[\"https:\/\/ampcpp.ma\/fr\/activities\/le-ministere-de-linterieur-organise-un-atelier-de-renforcement-des-attributions-des-conseils-des-prefectures-et-des-provinces\/\"]}]},{\"@type\":\"BreadcrumbList\",\"@id\":\"https:\/\/ampcpp.ma\/fr\/activities\/le-ministere-de-linterieur-organise-un-atelier-de-renforcement-des-attributions-des-conseils-des-prefectures-et-des-provinces\/#breadcrumb\",\"itemListElement\":[{\"@type\":\"ListItem\",\"position\":1,\"name\":\"\u0627\u0644\u0631\u0626\u064a\u0633\u064a\u0629\",\"item\":\"https:\/\/ampcpp.ma\/fr\/\"},{\"@type\":\"ListItem\",\"position\":2,\"name\":\"Activit\u00e9s\",\"item\":\"https:\/\/ampcpp.ma\/activities\/\"},{\"@type\":\"ListItem\",\"position\":3,\"name\":\"Le Minist\u00e8re de l\u2019Int\u00e9rieur organise un atelier de renforcement des attributions des Conseils des Pr\u00e9fectures et des Provinces\"}]}]}<\/script>\n<!-- \/ Yoast SEO plugin. -->","yoast_head_json":{"title":"Le Minist\u00e8re de l\u2019Int\u00e9rieur organise un atelier de renforcement des attributions des Conseils des Pr\u00e9fectures et des Provinces - Association Marocaine Des Pr\u00e9sidents Des Conseils Pr\u00e9fectoraux Et Provinciaux","robots":{"index":"index","follow":"follow","max-snippet":"max-snippet:-1","max-image-preview":"max-image-preview:large","max-video-preview":"max-video-preview:-1"},"canonical":"https:\/\/ampcpp.ma\/fr\/activities\/le-ministere-de-linterieur-organise-un-atelier-de-renforcement-des-attributions-des-conseils-des-prefectures-et-des-provinces\/","og_locale":"fr_FR","og_type":"article","og_title":"Le Minist\u00e8re de l\u2019Int\u00e9rieur organise un atelier de renforcement des attributions des Conseils des Pr\u00e9fectures et des Provinces - Association Marocaine Des Pr\u00e9sidents Des Conseils Pr\u00e9fectoraux Et Provinciaux","og_description":"Dans le cadre de l\u2019accompagnement des Conseils des Pr\u00e9fectures et des Provinces afin de les consolider dans l\u2019exercice des comp\u00e9tences qui leur sont d\u00e9volues conform\u00e9ment \u00e0 la Loi Organique N\u00b0 112.14, et \u00e0 la suite de l\u2019accueil qui a \u00e9t\u00e9 r\u00e9serv\u00e9 par M. le Wali, Directeur G\u00e9n\u00e9ral des Collectivit\u00e9s Locales, aux membres du Bureau Ex\u00e9cutif [&hellip;]","og_url":"https:\/\/ampcpp.ma\/fr\/activities\/le-ministere-de-linterieur-organise-un-atelier-de-renforcement-des-attributions-des-conseils-des-prefectures-et-des-provinces\/","og_site_name":"Association Marocaine Des Pr\u00e9sidents Des Conseils Pr\u00e9fectoraux Et Provinciaux","article_modified_time":"2021-05-07T03:07:11+00:00","og_image":[{"width":891,"height":501,"url":"https:\/\/ampcpp.ma\/wp-content\/uploads\/2021\/01\/5.jpg","type":"image\/jpeg"}],"twitter_card":"summary_large_image","twitter_misc":{"Dur\u00e9e de lecture estim\u00e9e":"2 minutes"},"schema":{"@context":"https:\/\/schema.org","@graph":[{"@type":"WebSite","@id":"https:\/\/ampcpp.ma\/en\/#website","url":"https:\/\/ampcpp.ma\/en\/","name":"Association Marocaine Des Pr\u00e9sidents Des Conseils Pr\u00e9fectoraux Et Provinciaux","description":"L&#039;union fait la force","potentialAction":[{"@type":"SearchAction","target":{"@type":"EntryPoint","urlTemplate":"https:\/\/ampcpp.ma\/en\/?s={search_term_string}"},"query-input":"required name=search_term_string"}],"inLanguage":"fr-FR"},{"@type":"ImageObject","@id":"https:\/\/ampcpp.ma\/fr\/activities\/le-ministere-de-linterieur-organise-un-atelier-de-renforcement-des-attributions-des-conseils-des-prefectures-et-des-provinces\/#primaryimage","inLanguage":"fr-FR","url":"https:\/\/ampcpp.ma\/wp-content\/uploads\/2021\/01\/5.jpg","contentUrl":"https:\/\/ampcpp.ma\/wp-content\/uploads\/2021\/01\/5.jpg","width":891,"height":501},{"@type":"WebPage","@id":"https:\/\/ampcpp.ma\/fr\/activities\/le-ministere-de-linterieur-organise-un-atelier-de-renforcement-des-attributions-des-conseils-des-prefectures-et-des-provinces\/#webpage","url":"https:\/\/ampcpp.ma\/fr\/activities\/le-ministere-de-linterieur-organise-un-atelier-de-renforcement-des-attributions-des-conseils-des-prefectures-et-des-provinces\/","name":"Le Minist\u00e8re de l\u2019Int\u00e9rieur organise un atelier de renforcement des attributions des Conseils des Pr\u00e9fectures et des Provinces - Association Marocaine Des Pr\u00e9sidents Des Conseils Pr\u00e9fectoraux Et Provinciaux","isPartOf":{"@id":"https:\/\/ampcpp.ma\/en\/#website"},"primaryImageOfPage":{"@id":"https:\/\/ampcpp.ma\/fr\/activities\/le-ministere-de-linterieur-organise-un-atelier-de-renforcement-des-attributions-des-conseils-des-prefectures-et-des-provinces\/#primaryimage"},"datePublished":"2020-07-22T11:36:00+00:00","dateModified":"2021-05-07T03:07:11+00:00","breadcrumb":{"@id":"https:\/\/ampcpp.ma\/fr\/activities\/le-ministere-de-linterieur-organise-un-atelier-de-renforcement-des-attributions-des-conseils-des-prefectures-et-des-provinces\/#breadcrumb"},"inLanguage":"fr-FR","potentialAction":[{"@type":"ReadAction","target":["https:\/\/ampcpp.ma\/fr\/activities\/le-ministere-de-linterieur-organise-un-atelier-de-renforcement-des-attributions-des-conseils-des-prefectures-et-des-provinces\/"]}]},{"@type":"BreadcrumbList","@id":"https:\/\/ampcpp.ma\/fr\/activities\/le-ministere-de-linterieur-organise-un-atelier-de-renforcement-des-attributions-des-conseils-des-prefectures-et-des-provinces\/#breadcrumb","itemListElement":[{"@type":"ListItem","position":1,"name":"\u0627\u0644\u0631\u0626\u064a\u0633\u064a\u0629","item":"https:\/\/ampcpp.ma\/fr\/"},{"@type":"ListItem","position":2,"name":"Activit\u00e9s","item":"https:\/\/ampcpp.ma\/activities\/"},{"@type":"ListItem","position":3,"name":"Le Minist\u00e8re de l\u2019Int\u00e9rieur organise un atelier de renforcement des attributions des Conseils des Pr\u00e9fectures et des Provinces"}]}]}},"_links":{"self":[{"href":"https:\/\/ampcpp.ma\/fr\/wp-json\/wp\/v2\/activities\/1058"}],"collection":[{"href":"https:\/\/ampcpp.ma\/fr\/wp-json\/wp\/v2\/activities"}],"about":[{"href":"https:\/\/ampcpp.ma\/fr\/wp-json\/wp\/v2\/types\/activities"}],"author":[{"embeddable":true,"href":"https:\/\/ampcpp.ma\/fr\/wp-json\/wp\/v2\/users\/1"}],"replies":[{"embeddable":true,"href":"https:\/\/ampcpp.ma\/fr\/wp-json\/wp\/v2\/comments?post=1058"}],"wp:featuredmedia":[{"embeddable":true,"href":"https:\/\/ampcpp.ma\/fr\/wp-json\/wp\/v2\/media\/1063"}],"wp:attachment":[{"href":"https:\/\/ampcpp.ma\/fr\/wp-json\/wp\/v2\/media?parent=1058"}],"wp:term":[{"taxonomy":"activity_categories","embeddable":true,"href":"https:\/\/ampcpp.ma\/fr\/wp-json\/wp\/v2\/activity_categories?post=1058"},{"taxonomy":"activity_tags","embeddable":true,"href":"https:\/\/ampcpp.ma\/fr\/wp-json\/wp\/v2\/activity_tags?post=1058"}],"curies":[{"name":"wp","href":"https:\/\/api.w.org\/{rel}","templated":true}]}}